{"id":191,"date":"2018-01-12T10:40:16","date_gmt":"2018-01-12T10:40:16","guid":{"rendered":"http:\/\/bridge129.qodeinteractive.com\/?page_id=191"},"modified":"2025-02-05T16:45:56","modified_gmt":"2025-02-05T15:45:56","slug":"atemtherapie","status":"publish","type":"page","link":"https:\/\/pallicura.de\/verein\/atemtherapie\/","title":{"rendered":"ATEMTHERAPIE"},"content":{"rendered":"<p>[vc_row css_animation=&#8220;&#8220; row_type=&#8220;row&#8220; use_row_as_full_screen_section=&#8220;no&#8220; type=&#8220;grid&#8220; angled_section=&#8220;no&#8220; text_align=&#8220;left&#8220; background_image_as_pattern=&#8220;without_pattern&#8220; z_index=&#8220;&#8220; padding_top=&#8220;100&#8243; padding_bottom=&#8220;35&#8243;][vc_column][vc_column_text css=&#8220;.vc_custom_1738702379519{padding-bottom: 35px !important;}&#8220;]<\/p>\n<p style=\"font-weight: 400;\"><strong>Palliative Atemtherapie bei Pallicura<\/strong><\/p>\n<p style=\"font-weight: 400;\">Die palliative Atemtherapie bietet eine wertvolle Unterst\u00fctzung f\u00fcr Menschen in ihrer letzten Lebensphase. Sie hilft dabei, die Lebensqualit\u00e4t zu verbessern, Beschwerden zu lindern und ein Gef\u00fchl von Entspannung und Wohlbefinden zu f\u00f6rdern. Unsere speziell ausgebildete Atemtherapeutin und erfahrene Palliative-Care-Fachkraft <strong>Annette Obertshauser<\/strong> begleitet Sie oder Ihre Angeh\u00f6rigen einf\u00fchlsam und kompetent auf diesem Weg.<\/p>\n<p>&nbsp;<\/p>\n<p style=\"font-weight: 400;\"><strong>Was ist palliative Atemtherapie?<\/strong><\/p>\n<p style=\"font-weight: 400;\">Palliative Atemtherapie ist eine sanfte und ganzheitliche Methode, die speziell auf die Bed\u00fcrfnisse von Menschen mit schweren, unheilbaren Erkrankungen zugeschnitten ist. Ziel ist es, Atemnot zu lindern, \u00c4ngste abzubauen und den Atemfluss zu harmonisieren. Durch gezielte \u00dcbungen und Techniken wird nicht nur die k\u00f6rperliche, sondern auch die seelische Belastung reduziert.<\/p>\n<p>&nbsp;<\/p>\n<p style=\"font-weight: 400;\"><strong>Wichtiger Hinweis zu den Kosten<\/strong><\/p>\n<p style=\"font-weight: 400;\">Im Gegensatz zur Atemphysiotherapie wird die palliative Atemtherapie <u>nicht<\/u> von den Krankenkassen \u00fcbernommen. Doch wir bei Pallicura m\u00f6chten sicherstellen, dass unseren Patienten diese wichtige Unterst\u00fctzung zug\u00e4nglich ist. F\u00fcr die Patienten unseres SAPV-Teams \u00fcbernimmt der Pallicura F\u00f6rderverein die Kosten der Atemtherapie \u2013 erm\u00f6glicht durch die gro\u00dfz\u00fcgige Unterst\u00fctzung unserer Spender*innen und Mitglieder.<\/p>\n<p>&nbsp;<\/p>\n<p style=\"font-weight: 400;\"><strong>Ihre Unterst\u00fctzung z\u00e4hlt!<\/strong><\/p>\n<p style=\"font-weight: 400;\">Dank Ihrer Spenden k\u00f6nnen wir dieses Angebot weiterhin kostenfrei f\u00fcr unsere SAPV-Patienten bereitstellen. Wenn Sie unsere Arbeit unterst\u00fctzen m\u00f6chten, freuen wir uns \u00fcber jede Spende, die es uns erm\u00f6glicht, auch in Zukunft Menschen in schwierigen Zeiten zur Seite zu stehen.<\/p>\n<p>[\/vc_column_text][\/vc_column][\/vc_row][vc_row css_animation=&#8220;&#8220; row_type=&#8220;row&#8220; use_row_as_full_screen_section=&#8220;no&#8220; type=&#8220;grid&#8220; angled_section=&#8220;no&#8220; text_align=&#8220;left&#8220; background_image_as_pattern=&#8220;without_pattern&#8220; z_index=&#8220;&#8220; padding_top=&#8220;75&#8243; padding_bottom=&#8220;75&#8243;][vc_column][vc_column_text]<\/p>\n<p style=\"text-align: center;\">Die palliative Atemtherapie wird f\u00fcr Patienten des Palliative Care Teams Pallicura erbracht von<\/p>\n<p>[\/vc_column_text][\/vc_column][\/vc_row][vc_row css_animation=&#8220;&#8220; row_type=&#8220;row&#8220; use_row_as_full_screen_section=&#8220;no&#8220; type=&#8220;grid&#8220; angled_section=&#8220;no&#8220; text_align=&#8220;left&#8220; background_image_as_pattern=&#8220;without_pattern&#8220; z_index=&#8220;&#8220;][vc_column][vc_single_image image=&#8220;2688&#8243; img_size=&#8220;200&#215;200&#8243; alignment=&#8220;center&#8220; style=&#8220;vc_box_circle_2&#8243; qode_css_animation=&#8220;&#8220;][vc_column_text]<\/p>\n<div class=\"views-field views-field-title\" style=\"text-align: center;\">\n<div class=\"views-field views-field-title\">\n<div class=\"views-field views-field-title\" style=\"text-align: center;\">\n<div class=\"views-field views-field-title\"><strong>Annette\u00a0<\/strong><b>Obertshauser<\/b><\/div>\n<\/div>\n<div class=\"views-field views-field-title\" style=\"text-align: center;\">Atemtherapeutin<\/div>\n<div class=\"views-field views-field-title\" style=\"text-align: center;\">Palliative-Care-Fachkraft<\/div>\n<\/div>\n<\/div>\n<p>[\/vc_column_text][vc_empty_space][\/vc_column][\/vc_row][vc_row css_animation=&#8220;&#8220; row_type=&#8220;row&#8220; use_row_as_full_screen_section=&#8220;no&#8220; type=&#8220;full_width&#8220; angled_section=&#8220;no&#8220; text_align=&#8220;left&#8220; background_image_as_pattern=&#8220;without_pattern&#8220;][vc_column][vc_empty_space][\/vc_column][\/vc_row]<\/p>\n","protected":false},"excerpt":{"rendered":"<p>[vc_row css_animation=&#8220;&#8220; row_type=&#8220;row&#8220; use_row_as_full_screen_section=&#8220;no&#8220; type=&#8220;grid&#8220; angled_section=&#8220;no&#8220; text_align=&#8220;left&#8220; background_image_as_pattern=&#8220;without_pattern&#8220; z_index=&#8220;&#8220; padding_top=&#8220;100&#8243; padding_bottom=&#8220;35&#8243;][vc_column][vc_column_text css=&#8220;.vc_custom_1738702379519{padding-bottom: 35px !important;}&#8220;] Palliative Atemtherapie bei Pallicura Die palliative Atemtherapie bietet eine wertvolle Unterst\u00fctzung f\u00fcr Menschen in ihrer letzten Lebensphase. Sie hilft dabei, die Lebensqualit\u00e4t zu verbessern, Beschwerden zu lindern und ein Gef\u00fchl von&#8230;<\/p>\n","protected":false},"author":1,"featured_media":0,"parent":0,"menu_order":0,"comment_status":"closed","ping_status":"closed","template":"full_width.php","meta":{"footnotes":""},"class_list":["post-191","page","type-page","status-publish","hentry"],"_links":{"self":[{"href":"https:\/\/pallicura.de\/verein\/wp-json\/wp\/v2\/pages\/191","targetHints":{"allow":["GET"]}}],"collection":[{"href":"https:\/\/pallicura.de\/verein\/wp-json\/wp\/v2\/pages"}],"about":[{"href":"https:\/\/pallicura.de\/verein\/wp-json\/wp\/v2\/types\/page"}],"author":[{"embeddable":true,"href":"https:\/\/pallicura.de\/verein\/wp-json\/wp\/v2\/users\/1"}],"replies":[{"embeddable":true,"href":"https:\/\/pallicura.de\/verein\/wp-json\/wp\/v2\/comments?post=191"}],"version-history":[{"count":14,"href":"https:\/\/pallicura.de\/verein\/wp-json\/wp\/v2\/pages\/191\/revisions"}],"predecessor-version":[{"id":2702,"href":"https:\/\/pallicura.de\/verein\/wp-json\/wp\/v2\/pages\/191\/revisions\/2702"}],"wp:attachment":[{"href":"https:\/\/pallicura.de\/verein\/wp-json\/wp\/v2\/media?parent=191"}],"curies":[{"name":"wp","href":"https:\/\/api.w.org\/{rel}","templated":true}]}}