{"id":2453,"date":"2021-11-23T11:30:31","date_gmt":"2021-11-23T10:30:31","guid":{"rendered":"https:\/\/pallicura.de\/verein\/?page_id=2453"},"modified":"2024-01-11T11:50:48","modified_gmt":"2024-01-11T10:50:48","slug":"ultraschallgeraet","status":"publish","type":"page","link":"https:\/\/pallicura.de\/verein\/ultraschallgeraet\/","title":{"rendered":"ULTRASCHALLGER\u00c4T"},"content":{"rendered":"<p>[vc_row css_animation=&#8220;&#8220; row_type=&#8220;row&#8220; use_row_as_full_screen_section=&#8220;no&#8220; type=&#8220;grid&#8220; angled_section=&#8220;no&#8220; text_align=&#8220;left&#8220; background_image_as_pattern=&#8220;without_pattern&#8220; z_index=&#8220;&#8220; padding_top=&#8220;100&#8243; padding_bottom=&#8220;35&#8243;][vc_column width=&#8220;1\/2&#8243;][vc_column_text css=&#8220;.vc_custom_1704966299971{padding-bottom: 35px !important;}&#8220;]<\/p>\n<h2>Mobiles Ultraschallger\u00e4t<\/h2>\n<p>&nbsp;<\/p>\n<p>Im Dezember 2023 verbesserte der Pallicura F\u00f6rderverein sein Unterst\u00fctzungsangebot in der h\u00e4uslichen Palliativversorgung mit der Anschaffung eines neuen mobilen Ultraschallger\u00e4ts. Diese Investition von rund 8.000 Euro hilft dem Palliative Care Team Pallicura, die Situation von schwer erkrankten, sterbenden Patienten und ihren Familien deutlich zu verbessern. Finanziert wurde das mobile Ultraschallger\u00e4t durch Spenden.<\/p>\n<p>&nbsp;<\/p>\n<p>Dieses Ger\u00e4t den \u00c4rzt*innen des Schwandorfer Palliativ-Teams kostenfrei zur Verf\u00fcgung zu stellen, ist eines der Kernangebote des Vereins. Die M\u00f6glichkeit, damit komplexere Untersuchungen und Eingriffe direkt bei den Patienten zu Hause oder im Pflegeheim durchzuf\u00fchren, ist besonders wichtig, um den Komfort der Patienten zu erh\u00f6hen und belastende Krankenfahrten oder Krankenhausaufenthalte zu minimieren.[\/vc_column_text][\/vc_column][vc_column width=&#8220;1\/2&#8243;][vc_single_image image=&#8220;2622&#8243; img_size=&#8220;large&#8220; qode_css_animation=&#8220;&#8220;][\/vc_column][\/vc_row][vc_row css_animation=&#8220;&#8220; row_type=&#8220;row&#8220; use_row_as_full_screen_section=&#8220;no&#8220; type=&#8220;full_width&#8220; angled_section=&#8220;no&#8220; text_align=&#8220;left&#8220; background_image_as_pattern=&#8220;without_pattern&#8220;][vc_column][vc_empty_space][\/vc_column][\/vc_row]<\/p>\n","protected":false},"excerpt":{"rendered":"<p>[vc_row css_animation=&#8220;&#8220; row_type=&#8220;row&#8220; use_row_as_full_screen_section=&#8220;no&#8220; type=&#8220;grid&#8220; angled_section=&#8220;no&#8220; text_align=&#8220;left&#8220; background_image_as_pattern=&#8220;without_pattern&#8220; z_index=&#8220;&#8220; padding_top=&#8220;100&#8243; padding_bottom=&#8220;35&#8243;][vc_column width=&#8220;1\/2&#8243;][vc_column_text css=&#8220;.vc_custom_1704966299971{padding-bottom: 35px !important;}&#8220;] Mobiles Ultraschallger\u00e4t &nbsp; Im Dezember 2023 verbesserte der Pallicura F\u00f6rderverein sein Unterst\u00fctzungsangebot in der h\u00e4uslichen Palliativversorgung mit der Anschaffung eines neuen mobilen Ultraschallger\u00e4ts. Diese Investition von rund 8.000 Euro hilft&#8230;<\/p>\n","protected":false},"author":1,"featured_media":0,"parent":0,"menu_order":0,"comment_status":"closed","ping_status":"closed","template":"full_width.php","meta":{"footnotes":""},"class_list":["post-2453","page","type-page","status-publish","hentry"],"_links":{"self":[{"href":"https:\/\/pallicura.de\/verein\/wp-json\/wp\/v2\/pages\/2453","targetHints":{"allow":["GET"]}}],"collection":[{"href":"https:\/\/pallicura.de\/verein\/wp-json\/wp\/v2\/pages"}],"about":[{"href":"https:\/\/pallicura.de\/verein\/wp-json\/wp\/v2\/types\/page"}],"author":[{"embeddable":true,"href":"https:\/\/pallicura.de\/verein\/wp-json\/wp\/v2\/users\/1"}],"replies":[{"embeddable":true,"href":"https:\/\/pallicura.de\/verein\/wp-json\/wp\/v2\/comments?post=2453"}],"version-history":[{"count":9,"href":"https:\/\/pallicura.de\/verein\/wp-json\/wp\/v2\/pages\/2453\/revisions"}],"predecessor-version":[{"id":2623,"href":"https:\/\/pallicura.de\/verein\/wp-json\/wp\/v2\/pages\/2453\/revisions\/2623"}],"wp:attachment":[{"href":"https:\/\/pallicura.de\/verein\/wp-json\/wp\/v2\/media?parent=2453"}],"curies":[{"name":"wp","href":"https:\/\/api.w.org\/{rel}","templated":true}]}}